{"id":23008,"date":"2022-11-21T12:31:13","date_gmt":"2022-11-21T11:31:13","guid":{"rendered":"http:\/\/localhost:10436\/prodotto\/grani-l0-specialty-nicaragua-el-jardin-b250gr\/"},"modified":"2025-10-22T11:06:18","modified_gmt":"2025-10-22T09:06:18","slug":"grani-l0-specialty-nicaragua-el-jardin-b250gr","status":"publish","type":"product","link":"https:\/\/www.7gr.it\/en\/product\/grani-l0-specialty-nicaragua-el-jardin-b250gr\/","title":{"rendered":"Grani L0 Specialty Nicaragua El Jard\u00ecn B250gr"},"content":{"rendered":"","protected":false},"excerpt":{"rendered":"<p>L&#8217;azienda agricola El Jard\u00edn fu acquistata nel 1986 da Rosa In\u00e9s Rubio, una madre single che vedeva nella coltivazione del caff\u00e8 un futuro per i suoi due figli. Nonostante tutte le crisi del settore del caff\u00e8, riusc\u00ec a provvedere al sostentamento dei suoi figli con la piccola azienda agricola El Jard\u00edn (Il Giardino in spagnolo). Nel 2017 il giovane Luis Fernando, figlio minore di Rosa In\u00e9s, ha rilevato l&#8217;azienda, con una chiara visione di un futuro promettente per la sua famiglia. Oggi Luis Fernando si concentra sul mondo del caff\u00e8 speciale, compiendo passi radicali per cambiare l&#8217;azienda, dalla parte agronomica alle fermentazioni, cercando un equilibrio tra agricoltura sostenibile e rispettosa dell&#8217;ambiente, nonch\u00e9 aggiungendo valore attraverso le fermentazioni, implementando nuove tecniche per sfruttare le caratteristiche endemiche della zona del Dipilto.<\/p>\n<p><strong>VARIETAL:<\/strong>\u00a0Catuai, Caturra.<\/p>\n<p><strong>REGIONE:<\/strong>\u00a0Nueva Segovia.<\/p>\n<p><strong>FARM:<\/strong>\u00a0El Jard\u00edn.<\/p>\n<p><strong>ALTITUDINE:<\/strong>\u00a01250-1350\u00a0m.<\/p>\n<p><strong>PROCESSO:<\/strong>\u00a0Anaerobico Naturale.<\/p>\n<p><strong>PROFILO IN TAZZA:<\/strong>\u00a0Prugna rossa, kiwi, ananas, t\u00e8 nero, vino, panela.<\/p>\n<p><strong>Confezione da 250 g. di caff\u00e8 in grani con valvola monodirezionale.<\/strong><\/p>\n<p><strong>TOSTATO IL\u00a0\u00a014\/04\/2023\u00a0\u00a0\u00a0PER\u00a0FILTRO\/ESPRESSO<\/strong><\/p>\n","protected":false},"featured_media":10975,"template":"","meta":{"_acf_changed":false},"product_brand":[452],"product_cat":[340,343],"product_tag":[],"class_list":{"0":"post-23008","1":"product","2":"type-product","3":"status-publish","4":"has-post-thumbnail","6":"product_brand-lot-zero","7":"product_cat-coffee","8":"product_cat-specialty-coffee-lot-zero-en","9":"wcpa_has_options","11":"first","12":"outofstock","13":"taxable","14":"shipping-taxable","15":"purchasable","16":"product-type-simple"},"acf":[],"yoast_head":"<!-- This site is optimized with the Yoast SEO plugin v27.5 - https:\/\/yoast.com\/product\/yoast-seo-wordpress\/ -->\n<title>Grani L0 Specialty Nicaragua El Jard\u00ecn B250gr - 7Gr. For espresso lovers only<\/title>\n<meta name=\"robots\" content=\"index, follow, max-snippet:-1, max-image-preview:large, max-video-preview:-1\" \/>\n<link rel=\"canonical\" href=\"https:\/\/www.7gr.it\/en\/product\/grani-l0-specialty-nicaragua-el-jardin-b250gr\/\" \/>\n<meta property=\"og:locale\" content=\"en_US\" \/>\n<meta property=\"og:type\" content=\"article\" \/>\n<meta property=\"og:title\" content=\"Grani L0 Specialty Nicaragua El Jard\u00ecn B250gr - 7Gr. For espresso lovers only\" \/>\n<meta property=\"og:description\" content=\"L&#039;azienda agricola El Jard\u00edn fu acquistata nel 1986 da Rosa In\u00e9s Rubio, una madre single che vedeva nella coltivazione del caff\u00e8 un futuro per i suoi due figli. Nonostante tutte le crisi del settore del caff\u00e8, riusc\u00ec a provvedere al sostentamento dei suoi figli con la piccola azienda agricola El Jard\u00edn (Il Giardino in spagnolo). Nel 2017 il giovane Luis Fernando, figlio minore di Rosa In\u00e9s, ha rilevato l&#039;azienda, con una chiara visione di un futuro promettente per la sua famiglia. Oggi Luis Fernando si concentra sul mondo del caff\u00e8 speciale, compiendo passi radicali per cambiare l&#039;azienda, dalla parte agronomica alle fermentazioni, cercando un equilibrio tra agricoltura sostenibile e rispettosa dell&#039;ambiente, nonch\u00e9 aggiungendo valore attraverso le fermentazioni, implementando nuove tecniche per sfruttare le caratteristiche endemiche della zona del Dipilto.  VARIETAL:\u00a0Catuai, Caturra.  REGIONE:\u00a0Nueva Segovia.  FARM:\u00a0El Jard\u00edn.  ALTITUDINE:\u00a01250-1350\u00a0m.  PROCESSO:\u00a0Anaerobico Naturale.  PROFILO IN TAZZA:\u00a0Prugna rossa, kiwi, ananas, t\u00e8 nero, vino, panela.  Confezione da 250 g. di caff\u00e8 in grani con valvola monodirezionale.  TOSTATO IL\u00a0\u00a014\/04\/2023\u00a0\u00a0\u00a0PER\u00a0FILTRO\/ESPRESSO\" \/>\n<meta property=\"og:url\" content=\"https:\/\/www.7gr.it\/en\/product\/grani-l0-specialty-nicaragua-el-jardin-b250gr\/\" \/>\n<meta property=\"og:site_name\" content=\"7Gr. For espresso lovers only\" \/>\n<meta property=\"article:publisher\" content=\"https:\/\/www.facebook.com\/settegrammi\" \/>\n<meta property=\"article:modified_time\" content=\"2025-10-22T09:06:18+00:00\" \/>\n<meta property=\"og:image\" content=\"https:\/\/www.7gr.it\/wp-content\/uploads\/2022\/11\/477-thickbox_default-Grani-L0-Specialty-Nicaragua-El-Jardin-B250gr.jpg\" \/>\n\t<meta property=\"og:image:width\" content=\"800\" \/>\n\t<meta property=\"og:image:height\" content=\"800\" \/>\n\t<meta property=\"og:image:type\" content=\"image\/jpeg\" \/>\n<meta name=\"twitter:card\" content=\"summary_large_image\" \/>\n<meta name=\"twitter:label1\" content=\"Est. reading time\" \/>\n\t<meta name=\"twitter:data1\" content=\"1 minute\" \/>\n<script type=\"application\/ld+json\" class=\"yoast-schema-graph\">{\"@context\":\"https:\\\/\\\/schema.org\",\"@graph\":[{\"@type\":\"WebPage\",\"@id\":\"https:\\\/\\\/www.7gr.it\\\/en\\\/product\\\/grani-l0-specialty-nicaragua-el-jardin-b250gr\\\/\",\"url\":\"https:\\\/\\\/www.7gr.it\\\/en\\\/product\\\/grani-l0-specialty-nicaragua-el-jardin-b250gr\\\/\",\"name\":\"Grani L0 Specialty Nicaragua El Jard\u00ecn B250gr - 7Gr. For espresso lovers only\",\"isPartOf\":{\"@id\":\"https:\\\/\\\/www.7gr.it\\\/en\\\/#website\"},\"primaryImageOfPage\":{\"@id\":\"https:\\\/\\\/www.7gr.it\\\/en\\\/product\\\/grani-l0-specialty-nicaragua-el-jardin-b250gr\\\/#primaryimage\"},\"image\":{\"@id\":\"https:\\\/\\\/www.7gr.it\\\/en\\\/product\\\/grani-l0-specialty-nicaragua-el-jardin-b250gr\\\/#primaryimage\"},\"thumbnailUrl\":\"https:\\\/\\\/www.7gr.it\\\/wp-content\\\/uploads\\\/2022\\\/11\\\/477-thickbox_default-Grani-L0-Specialty-Nicaragua-El-Jardin-B250gr.jpg\",\"datePublished\":\"2022-11-21T11:31:13+00:00\",\"dateModified\":\"2025-10-22T09:06:18+00:00\",\"breadcrumb\":{\"@id\":\"https:\\\/\\\/www.7gr.it\\\/en\\\/product\\\/grani-l0-specialty-nicaragua-el-jardin-b250gr\\\/#breadcrumb\"},\"inLanguage\":\"en-US\",\"potentialAction\":[{\"@type\":\"ReadAction\",\"target\":[\"https:\\\/\\\/www.7gr.it\\\/en\\\/product\\\/grani-l0-specialty-nicaragua-el-jardin-b250gr\\\/\"]}]},{\"@type\":\"ImageObject\",\"inLanguage\":\"en-US\",\"@id\":\"https:\\\/\\\/www.7gr.it\\\/en\\\/product\\\/grani-l0-specialty-nicaragua-el-jardin-b250gr\\\/#primaryimage\",\"url\":\"https:\\\/\\\/www.7gr.it\\\/wp-content\\\/uploads\\\/2022\\\/11\\\/477-thickbox_default-Grani-L0-Specialty-Nicaragua-El-Jardin-B250gr.jpg\",\"contentUrl\":\"https:\\\/\\\/www.7gr.it\\\/wp-content\\\/uploads\\\/2022\\\/11\\\/477-thickbox_default-Grani-L0-Specialty-Nicaragua-El-Jardin-B250gr.jpg\",\"width\":800,\"height\":800,\"caption\":\"Grani L0 Specialty Nicaragua El Jard\u00ecn B250gr\"},{\"@type\":\"BreadcrumbList\",\"@id\":\"https:\\\/\\\/www.7gr.it\\\/en\\\/product\\\/grani-l0-specialty-nicaragua-el-jardin-b250gr\\\/#breadcrumb\",\"itemListElement\":[{\"@type\":\"ListItem\",\"position\":1,\"name\":\"Home\",\"item\":\"https:\\\/\\\/www.7gr.it\\\/en\\\/\"},{\"@type\":\"ListItem\",\"position\":2,\"name\":\"Shop\",\"item\":\"https:\\\/\\\/www.7gr.it\\\/negozio\\\/\"},{\"@type\":\"ListItem\",\"position\":3,\"name\":\"Grani L0 Specialty Nicaragua El Jard\u00ecn B250gr\"}]},{\"@type\":\"WebSite\",\"@id\":\"https:\\\/\\\/www.7gr.it\\\/en\\\/#website\",\"url\":\"https:\\\/\\\/www.7gr.it\\\/en\\\/\",\"name\":\"7Gr. For espresso lovers only\",\"description\":\"For espresso lovers only\",\"publisher\":{\"@id\":\"https:\\\/\\\/www.7gr.it\\\/en\\\/#organization\"},\"potentialAction\":[{\"@type\":\"SearchAction\",\"target\":{\"@type\":\"EntryPoint\",\"urlTemplate\":\"https:\\\/\\\/www.7gr.it\\\/en\\\/?s={search_term_string}\"},\"query-input\":{\"@type\":\"PropertyValueSpecification\",\"valueRequired\":true,\"valueName\":\"search_term_string\"}}],\"inLanguage\":\"en-US\"},{\"@type\":\"Organization\",\"@id\":\"https:\\\/\\\/www.7gr.it\\\/en\\\/#organization\",\"name\":\"7Gr. For espresso lovers only\",\"url\":\"https:\\\/\\\/www.7gr.it\\\/en\\\/\",\"logo\":{\"@type\":\"ImageObject\",\"inLanguage\":\"en-US\",\"@id\":\"https:\\\/\\\/www.7gr.it\\\/en\\\/#\\\/schema\\\/logo\\\/image\\\/\",\"url\":\"https:\\\/\\\/www.7gr.it\\\/wp-content\\\/uploads\\\/2020\\\/02\\\/LOGO-7GR-POS-e1584303715924.png\",\"contentUrl\":\"https:\\\/\\\/www.7gr.it\\\/wp-content\\\/uploads\\\/2020\\\/02\\\/LOGO-7GR-POS-e1584303715924.png\",\"width\":115,\"height\":44,\"caption\":\"7Gr. For espresso lovers only\"},\"image\":{\"@id\":\"https:\\\/\\\/www.7gr.it\\\/en\\\/#\\\/schema\\\/logo\\\/image\\\/\"},\"sameAs\":[\"https:\\\/\\\/www.facebook.com\\\/settegrammi\",\"https:\\\/\\\/www.instagram.com\\\/sevengrams\\\/\"]}]}<\/script>\n<!-- \/ Yoast SEO plugin. -->","yoast_head_json":{"title":"Grani L0 Specialty Nicaragua El Jard\u00ecn B250gr - 7Gr. For espresso lovers only","robots":{"index":"index","follow":"follow","max-snippet":"max-snippet:-1","max-image-preview":"max-image-preview:large","max-video-preview":"max-video-preview:-1"},"canonical":"https:\/\/www.7gr.it\/en\/product\/grani-l0-specialty-nicaragua-el-jardin-b250gr\/","og_locale":"en_US","og_type":"article","og_title":"Grani L0 Specialty Nicaragua El Jard\u00ecn B250gr - 7Gr. For espresso lovers only","og_description":"L'azienda agricola El Jard\u00edn fu acquistata nel 1986 da Rosa In\u00e9s Rubio, una madre single che vedeva nella coltivazione del caff\u00e8 un futuro per i suoi due figli. Nonostante tutte le crisi del settore del caff\u00e8, riusc\u00ec a provvedere al sostentamento dei suoi figli con la piccola azienda agricola El Jard\u00edn (Il Giardino in spagnolo). Nel 2017 il giovane Luis Fernando, figlio minore di Rosa In\u00e9s, ha rilevato l'azienda, con una chiara visione di un futuro promettente per la sua famiglia. Oggi Luis Fernando si concentra sul mondo del caff\u00e8 speciale, compiendo passi radicali per cambiare l'azienda, dalla parte agronomica alle fermentazioni, cercando un equilibrio tra agricoltura sostenibile e rispettosa dell'ambiente, nonch\u00e9 aggiungendo valore attraverso le fermentazioni, implementando nuove tecniche per sfruttare le caratteristiche endemiche della zona del Dipilto.  VARIETAL:\u00a0Catuai, Caturra.  REGIONE:\u00a0Nueva Segovia.  FARM:\u00a0El Jard\u00edn.  ALTITUDINE:\u00a01250-1350\u00a0m.  PROCESSO:\u00a0Anaerobico Naturale.  PROFILO IN TAZZA:\u00a0Prugna rossa, kiwi, ananas, t\u00e8 nero, vino, panela.  Confezione da 250 g. di caff\u00e8 in grani con valvola monodirezionale.  TOSTATO IL\u00a0\u00a014\/04\/2023\u00a0\u00a0\u00a0PER\u00a0FILTRO\/ESPRESSO","og_url":"https:\/\/www.7gr.it\/en\/product\/grani-l0-specialty-nicaragua-el-jardin-b250gr\/","og_site_name":"7Gr. For espresso lovers only","article_publisher":"https:\/\/www.facebook.com\/settegrammi","article_modified_time":"2025-10-22T09:06:18+00:00","og_image":[{"width":800,"height":800,"url":"https:\/\/www.7gr.it\/wp-content\/uploads\/2022\/11\/477-thickbox_default-Grani-L0-Specialty-Nicaragua-El-Jardin-B250gr.jpg","type":"image\/jpeg"}],"twitter_card":"summary_large_image","twitter_misc":{"Est. reading time":"1 minute"},"schema":{"@context":"https:\/\/schema.org","@graph":[{"@type":"WebPage","@id":"https:\/\/www.7gr.it\/en\/product\/grani-l0-specialty-nicaragua-el-jardin-b250gr\/","url":"https:\/\/www.7gr.it\/en\/product\/grani-l0-specialty-nicaragua-el-jardin-b250gr\/","name":"Grani L0 Specialty Nicaragua El Jard\u00ecn B250gr - 7Gr. For espresso lovers only","isPartOf":{"@id":"https:\/\/www.7gr.it\/en\/#website"},"primaryImageOfPage":{"@id":"https:\/\/www.7gr.it\/en\/product\/grani-l0-specialty-nicaragua-el-jardin-b250gr\/#primaryimage"},"image":{"@id":"https:\/\/www.7gr.it\/en\/product\/grani-l0-specialty-nicaragua-el-jardin-b250gr\/#primaryimage"},"thumbnailUrl":"https:\/\/www.7gr.it\/wp-content\/uploads\/2022\/11\/477-thickbox_default-Grani-L0-Specialty-Nicaragua-El-Jardin-B250gr.jpg","datePublished":"2022-11-21T11:31:13+00:00","dateModified":"2025-10-22T09:06:18+00:00","breadcrumb":{"@id":"https:\/\/www.7gr.it\/en\/product\/grani-l0-specialty-nicaragua-el-jardin-b250gr\/#breadcrumb"},"inLanguage":"en-US","potentialAction":[{"@type":"ReadAction","target":["https:\/\/www.7gr.it\/en\/product\/grani-l0-specialty-nicaragua-el-jardin-b250gr\/"]}]},{"@type":"ImageObject","inLanguage":"en-US","@id":"https:\/\/www.7gr.it\/en\/product\/grani-l0-specialty-nicaragua-el-jardin-b250gr\/#primaryimage","url":"https:\/\/www.7gr.it\/wp-content\/uploads\/2022\/11\/477-thickbox_default-Grani-L0-Specialty-Nicaragua-El-Jardin-B250gr.jpg","contentUrl":"https:\/\/www.7gr.it\/wp-content\/uploads\/2022\/11\/477-thickbox_default-Grani-L0-Specialty-Nicaragua-El-Jardin-B250gr.jpg","width":800,"height":800,"caption":"Grani L0 Specialty Nicaragua El Jard\u00ecn B250gr"},{"@type":"BreadcrumbList","@id":"https:\/\/www.7gr.it\/en\/product\/grani-l0-specialty-nicaragua-el-jardin-b250gr\/#breadcrumb","itemListElement":[{"@type":"ListItem","position":1,"name":"Home","item":"https:\/\/www.7gr.it\/en\/"},{"@type":"ListItem","position":2,"name":"Shop","item":"https:\/\/www.7gr.it\/negozio\/"},{"@type":"ListItem","position":3,"name":"Grani L0 Specialty Nicaragua El Jard\u00ecn B250gr"}]},{"@type":"WebSite","@id":"https:\/\/www.7gr.it\/en\/#website","url":"https:\/\/www.7gr.it\/en\/","name":"7Gr. For espresso lovers only","description":"For espresso lovers only","publisher":{"@id":"https:\/\/www.7gr.it\/en\/#organization"},"potentialAction":[{"@type":"SearchAction","target":{"@type":"EntryPoint","urlTemplate":"https:\/\/www.7gr.it\/en\/?s={search_term_string}"},"query-input":{"@type":"PropertyValueSpecification","valueRequired":true,"valueName":"search_term_string"}}],"inLanguage":"en-US"},{"@type":"Organization","@id":"https:\/\/www.7gr.it\/en\/#organization","name":"7Gr. For espresso lovers only","url":"https:\/\/www.7gr.it\/en\/","logo":{"@type":"ImageObject","inLanguage":"en-US","@id":"https:\/\/www.7gr.it\/en\/#\/schema\/logo\/image\/","url":"https:\/\/www.7gr.it\/wp-content\/uploads\/2020\/02\/LOGO-7GR-POS-e1584303715924.png","contentUrl":"https:\/\/www.7gr.it\/wp-content\/uploads\/2020\/02\/LOGO-7GR-POS-e1584303715924.png","width":115,"height":44,"caption":"7Gr. For espresso lovers only"},"image":{"@id":"https:\/\/www.7gr.it\/en\/#\/schema\/logo\/image\/"},"sameAs":["https:\/\/www.facebook.com\/settegrammi","https:\/\/www.instagram.com\/sevengrams\/"]}]}},"_links":{"self":[{"href":"https:\/\/www.7gr.it\/en\/wp-json\/wp\/v2\/product\/23008","targetHints":{"allow":["GET"]}}],"collection":[{"href":"https:\/\/www.7gr.it\/en\/wp-json\/wp\/v2\/product"}],"about":[{"href":"https:\/\/www.7gr.it\/en\/wp-json\/wp\/v2\/types\/product"}],"version-history":[{"count":1,"href":"https:\/\/www.7gr.it\/en\/wp-json\/wp\/v2\/product\/23008\/revisions"}],"predecessor-version":[{"id":23009,"href":"https:\/\/www.7gr.it\/en\/wp-json\/wp\/v2\/product\/23008\/revisions\/23009"}],"wp:featuredmedia":[{"embeddable":true,"href":"https:\/\/www.7gr.it\/en\/wp-json\/wp\/v2\/media\/10975"}],"wp:attachment":[{"href":"https:\/\/www.7gr.it\/en\/wp-json\/wp\/v2\/media?parent=23008"}],"wp:term":[{"taxonomy":"product_brand","embeddable":true,"href":"https:\/\/www.7gr.it\/en\/wp-json\/wp\/v2\/product_brand?post=23008"},{"taxonomy":"product_cat","embeddable":true,"href":"https:\/\/www.7gr.it\/en\/wp-json\/wp\/v2\/product_cat?post=23008"},{"taxonomy":"product_tag","embeddable":true,"href":"https:\/\/www.7gr.it\/en\/wp-json\/wp\/v2\/product_tag?post=23008"}],"curies":[{"name":"wp","href":"https:\/\/api.w.org\/{rel}","templated":true}]}}